{"id":2000,"date":"2020-02-05T17:30:10","date_gmt":"2020-02-05T16:30:10","guid":{"rendered":"https:\/\/www.satoriprocess.com\/contact\/"},"modified":"2025-01-17T11:58:07","modified_gmt":"2025-01-17T10:58:07","slug":"kontakt","status":"publish","type":"page","link":"https:\/\/www.satoriprocess.com\/de\/kontakt\/","title":{"rendered":"KONTAKT"},"content":{"rendered":"<p>[vc_row foundry_padding=&#8220;pb0&#8243;][vc_column width=&#8220;1\/12&#8243;][\/vc_column][vc_column width=&#8220;10\/12&#8243;][vc_empty_space][vc_column_text el_id=&#8220;#theprocess&#8220;]<\/p>\n<h2 id=\"whatisasatori\" class=\"uppercase mb40 mb-xs-24\" style=\"text-align: center;\">KONTAKT<\/h2>\n<p style=\"text-align: center;\"><img decoding=\"async\" loading=\"lazy\" class=\"size-full wp-image-1552 aligncenter\" src=\"https:\/\/www.satoriprocess.com\/wp-content\/uploads\/2020\/01\/intouch.png\" alt=\"\" width=\"35\" height=\"7\" \/><\/p>\n<h4 style=\"text-align: center;\">KONTAKT ALLGEMEIN<\/h4>\n<p style=\"text-align: center;\"><strong>Rafael Ebner<\/strong><br \/>\nEmail: <a href=\"mailto:rafael@satoriprocess.com\">rafael@satoriprocess.com<\/a><br \/>\nMobil: +43 69912346817<\/p>\n<p style=\"text-align: center;\">\u2014<\/p>\n<p style=\"text-align: center;\"><strong>ORGANISATION &amp; KOORDINATION, SATORI IN HOLLAND<\/strong><\/p>\n<p style=\"text-align: center;\"><span class=\"s1\"><b>Ombretta Dettori<br \/>\n<\/b><\/span><span class=\"s1\"><strong>E-Mail: <\/strong><\/span><span class=\"s1\"><a href=\"mailto:satoriprocess.amsterdam@gmail.com\">satoriprocess.amsterdam@gmail.com<\/a><br \/>\n<\/span><span class=\"s1\"><strong>Telefon: <\/strong><\/span><span class=\"s1\">+31 616 019143<\/span><\/p>\n<p style=\"text-align: center;\">Web:\u00a0<a href=\"https:\/\/www.ombrettadettori.com\">https:\/\/www.ombrettadettori.com<\/a><\/p>\n<p style=\"text-align: center;\">_<\/p>\n<h4 style=\"text-align: center;\">FINKENWERDER UND SATORI ONLINE<\/h4>\n<p style=\"text-align: center;\"><strong>Esther Norman<\/strong><br \/>\nEmail: <a href=\"mailto:esther@satoriprocess.com\">esther@satoriprocess.com<\/a><br \/>\nTelefon: + 49-30-693 6299\u00a0 |\u00a0 Mobil: +49-177-502 7503<br \/>\nWeb: <a href=\"http:\/\/www.esther-norman.de\/\">www.esther-norman.de<\/a><\/p>\n<p style=\"text-align: center;\">\u2014<\/p>\n<h4 style=\"text-align: center;\">SATORI&amp;SHARING RETREAT IN S\u00dcDFRANKREICH<\/h4>\n<p style=\"text-align: center;\"><strong>Spencer Barron<\/strong><br \/>\nEmail: <a href=\"mailto:spencer@satoriprocess.com\">spencer@satoriprocess.com<\/a><br \/>\nMobil: +44-7954-375975<\/p>\n<p>[\/vc_column_text][vc_empty_space height=&#8220;50px&#8220;][\/vc_column][vc_column width=&#8220;1\/12&#8243;][\/vc_column][\/vc_row][vc_row foundry_background_style=&#8220;bg-secondary&#8220; foundry_padding=&#8220;pb0&#8243;][vc_column width=&#8220;1\/12&#8243;][\/vc_column][vc_column width=&#8220;10\/12&#8243;][vc_empty_space][vc_column_text]<\/p>\n<h2 id=\"theprocess\" class=\"uppercase mb40 mb-xs-24\" style=\"text-align: center;\">IMPRESSUM und BILDNACHWEISE<\/h2>\n<p style=\"text-align: center;\"><img decoding=\"async\" loading=\"lazy\" class=\"size-full wp-image-1472 aligncenter\" src=\"https:\/\/www.satoriprocess.com\/wp-content\/uploads\/2020\/01\/wave.png\" alt=\"\" width=\"36\" height=\"22\" \/><\/p>\n<p style=\"text-align: center;\"><strong>Dr.Sebastian Rafael Ebner<br \/>\n<\/strong>Zemlinskygasse 73<br \/>\n1230 Wien<\/p>\n<p style=\"text-align: center;\"><strong>Email:<\/strong> <a href=\"mailto:rafael@satoriprocess.com\">rafael@satoriprocess.com<\/a><br \/>\n<strong>Mobil:<\/strong> +43 69912346817<\/p>\n<p style=\"text-align: center;\">Ust.ID.Nr.: ATU68136199<\/p>\n<h1><\/h1>\n<h1>Impressum<\/h1>\n<h2>Angaben gem\u00e4\u00df \u00a7 5 TMG<\/h2>\n<p>Dr.Sebastian Rafael Ebner<br \/>\nZemlinskygasse 73<br \/>\n1230 Wien<\/p>\n<h2>Kontakt<\/h2>\n<p>Telefon: +43 699 12346817<br \/>\nE-Mail: rafael@satoriprocess.com<\/p>\n<h2>Umsatzsteuer-ID<\/h2>\n<p>Umsatzsteuer-Identifikationsnummer gem\u00e4\u00df \u00a7 27 a Umsatzsteuergesetz:<br \/>\nATU68136199<\/p>\n<h2>EU-Streitschlichtung<\/h2>\n<p>Die Europ\u00e4ische Kommission stellt eine Plattform zur Online-Streitbeilegung (OS) bereit: <a href=\"https:\/\/ec.europa.eu\/consumers\/odr\" target=\"_blank\" rel=\"noopener noreferrer\">https:\/\/ec.europa.eu\/consumers\/odr<\/a>.<br \/>\nUnsere E-Mail-Adresse finden Sie oben im Impressum.<\/p>\n<h2>Verbraucher\u00adstreit\u00adbeilegung\/Universal\u00adschlichtungs\u00adstelle<\/h2>\n<p>Wir sind nicht bereit oder verpflichtet, an Streitbeilegungsverfahren vor einer Verbraucherschlichtungsstelle teilzunehmen.<\/p>\n<h3>Haftung f\u00fcr Inhalte<\/h3>\n<p>Als Diensteanbieter sind wir gem\u00e4\u00df \u00a7 7 Abs.1 TMG f\u00fcr eigene Inhalte auf diesen Seiten nach den allgemeinen Gesetzen verantwortlich. Nach \u00a7\u00a7 8 bis 10 TMG sind wir als Diensteanbieter jedoch nicht verpflichtet, \u00fcbermittelte oder gespeicherte fremde Informationen zu \u00fcberwachen oder nach Umst\u00e4nden zu forschen, die auf eine rechtswidrige T\u00e4tigkeit hinweisen.<\/p>\n<p>Verpflichtungen zur Entfernung oder Sperrung der Nutzung von Informationen nach den allgemeinen Gesetzen bleiben hiervon unber\u00fchrt. Eine diesbez\u00fcgliche Haftung ist jedoch erst ab dem Zeitpunkt der Kenntnis einer konkreten Rechtsverletzung m\u00f6glich. Bei Bekanntwerden von entsprechenden Rechtsverletzungen werden wir diese Inhalte umgehend entfernen.<\/p>\n<h3>Haftung f\u00fcr Links<\/h3>\n<p>Unser Angebot enth\u00e4lt Links zu externen Websites Dritter, auf deren Inhalte wir keinen Einfluss haben. Deshalb k\u00f6nnen wir f\u00fcr diese fremden Inhalte auch keine Gew\u00e4hr \u00fcbernehmen. F\u00fcr die Inhalte der verlinkten Seiten ist stets der jeweilige Anbieter oder Betreiber der Seiten verantwortlich. Die verlinkten Seiten wurden zum Zeitpunkt der Verlinkung auf m\u00f6gliche Rechtsverst\u00f6\u00dfe \u00fcberpr\u00fcft. Rechtswidrige Inhalte waren zum Zeitpunkt der Verlinkung nicht erkennbar.<\/p>\n<p>Eine permanente inhaltliche Kontrolle der verlinkten Seiten ist jedoch ohne konkrete Anhaltspunkte einer Rechtsverletzung nicht zumutbar. Bei Bekanntwerden von Rechtsverletzungen werden wir derartige Links umgehend entfernen.<\/p>\n<h3>Urheberrecht<\/h3>\n<p>Die durch die Seitenbetreiber erstellten Inhalte und Werke auf diesen Seiten unterliegen dem \u00d6sterreichischen Urheberrecht. Die Vervielf\u00e4ltigung, Bearbeitung, Verbreitung und jede Art der Verwertung au\u00dferhalb der Grenzen des Urheberrechtes bed\u00fcrfen der schriftlichen Zustimmung des jeweiligen Autors bzw. Erstellers. Downloads und Kopien dieser Seite sind nur f\u00fcr den privaten, nicht kommerziellen Gebrauch gestattet.<\/p>\n<p>Soweit die Inhalte auf dieser Seite nicht vom Betreiber erstellt wurden, werden die Urheberrechte Dritter beachtet. Insbesondere werden Inhalte Dritter als solche gekennzeichnet. Sollten Sie trotzdem auf eine Urheberrechtsverletzung aufmerksam werden, bitten wir um einen entsprechenden Hinweis. Bei Bekanntwerden von Rechtsverletzungen werden wir derartige Inhalte umgehend entfernen.<\/p>\n<h3>Bildnachweise<\/h3>\n<h5 class=\"p2\">Titelbild Homepage Himalaya<\/h5>\n<p class=\"p3\"><span class=\"s1\"><a href=\"https:\/\/www.istockphoto.com\/de\/foto\/abend-blick-auf-den-berg-annapurna-nepal-gm484539805-37793588\">https:\/\/www.istockphoto.com\/de\/foto\/abend-blick-auf-den-berg-annapurna-nepal-gm484539805-37793588 <\/a><\/span><\/p>\n<p>credit: Daniel Prudek<\/p>\n<h5 class=\"p2\">&#8222;About the Satori Process&#8220;<\/h5>\n<p class=\"p2\">Zen Symbol of everything and Nothing<\/p>\n<p>Quelle unbekannt\/historisch<\/p>\n<h5 class=\"p2\">&#8222;Satori Groups&#8220;<\/h5>\n<p class=\"p2\">people meditating outdoors: \u00a0Nanpantan Hall Satori Group 2018<\/p>\n<p class=\"p2\">Privatarchiv Rafael Ebner, Wien<\/p>\n<h5 class=\"p2\">&#8222;Satori Online&#8220;<\/h5>\n<p class=\"p2\">Buddha statue in flower bed: Moulin de chaves Retreat 2011<span class=\"Apple-converted-space\">\u00a0<\/span><\/p>\n<p class=\"p2\">Privatarchiv Spencer Barron, London<\/p>\n<h5 class=\"p2\">&#8222;Rafael Ebner Portrait&#8220;<\/h5>\n<p class=\"p2\">Fotostudio Primephoto Wien, Lizenz vom 29.5.2024<\/p>\n<h5 class=\"p2\">&#8222;Clare Soloway Portrait&#8220;<\/h5>\n<p class=\"p2\">Privatarchiv Ryan Spielman, London<\/p>\n<h5 class=\"p2\">Satori Weekend Berlin 2025<\/h5>\n<p>Berlin skyline<\/p>\n<p>Shutterstock.com, IMAGE ID: 2480897591<\/p>\n<p>credit: Zorica Jovanov<\/p>\n<p>Berlin river Spree at dusk<\/p>\n<p>Shutterstock.com, IMAGE ID: 2509534573<\/p>\n<p>credit: elxeneize<\/p>\n<h5 class=\"p2\">Satori weekend Amsterdam &#8211; Home<\/h5>\n<p class=\"no-margin js-details-title \" data-inline=\"true\" data-extra-classes=\"text-sregular\" data-t=\"detail-panel-content-title\" data-state=\"visible\"><span class=\"grey dove-text\">&#8222;Bicycles lining a bridge over the canals of Amsterdam, Netherlands. Bicycle is major form of transportation in Amsterdam, Netherlands&#8220;<\/span><\/p>\n<p data-inline=\"true\" data-extra-classes=\"text-sregular\" data-t=\"detail-panel-content-title\" data-state=\"visible\">Adobe Stock #66693113, <span class=\"grey gravel-text\" data-t=\"detail-panel-content-author-by-label\">Von <\/span><span class=\"blue science-text\" data-t=\"detail-panel-content-author-name\"><a class=\"blue science-text js-contributor-link\" href=\"https:\/\/stock.adobe.com\/at\/contributor\/204202541\/ake1150?load_type=author&amp;prev_url=detail\" data-ingest-clicktype=\"details-contributor-link\">ake1150<\/a><\/span><\/p>\n<h5 class=\"p2\">Satori weekend Amsterdam &#8211; Event Seite<\/h5>\n<p class=\"p4\"><span class=\"s2\"><a href=\"https:\/\/stock.adobe.com\/de\/images\/group-of-people-resting-on-yoga-mats-at-studio\/151506441\">https:\/\/stock.adobe.com\/de\/images\/group-of-people-resting-on-yoga-mats-at-studio\/151506441<\/a><\/span><\/p>\n<p>credit: Syda Productions<\/p>\n<p>&#8222;Amsterdam City, Illuminated Building and Canal at night, Netherlands&#8220;<\/p>\n<p>Adobe Stock # 12142455, credit:gnoparus<\/p>\n<p>&#8222;Amsterdam sunset city skyline at canal waterfront, Amsterdam, Netherlands&#8220;<\/p>\n<p>Adobe Stock # 76953179, credit: Noppasinw<\/p>\n<h5 class=\"p2\">Satori Yoga Sharing Retreat &#8211; Home<span class=\"Apple-converted-space\">\u00a0\u00a0<\/span><\/h5>\n<p class=\"p2\">Alex Duncan, Gardoussel<\/p>\n<h5 class=\"p2\">Satori Yoga Sharing Retreat &#8211; Event page<\/h5>\n<p class=\"p2\">Alex Duncan, Gardoussel<\/p>\n<h5 class=\"p2\">Sommer Satori &#8211; Home<\/h5>\n<p>Archiv Finkenwerder Hof<\/p>\n<h5 class=\"p2\">&#8222;Warmth \/W\u00e4rme&#8220;<\/h5>\n<p>Archiv Finkenwerder Hof<\/p>\n<h5>Sommer Satori Event page<\/h5>\n<p>&#8222;waterfall&#8220;<\/p>\n<p>&#8222;Seminar house&#8220;<\/p>\n<p>courtesy of Zonnehuis\/Loenen<span class=\"Apple-converted-space\">\u00a0<\/span><\/p>\n<p>www.zonnehuis.nl<\/p>\n<p>&#8222;Flowers&#8220;<\/p>\n<p>https:\/www.unsplash.com<\/p>\n<p>IMAGE ID: 7AvYdG-5504-unsplash, credit: Annie Spratt<\/p>\n<h5 class=\"p2\">Stay connected Satori online<\/h5>\n<p>Adobe Stock Photo<\/p>\n<p class=\"p3\"><span class=\"s1\">https:\/\/stock.adobe.com\/at\/images\/laptop-outside-concept-empty-copy-space-blank-screen-mockup-soft-focus-laptop-in-nature-background-ecology-travel-and-work-outside-office-concept\/334240348<\/span><\/p>\n<h5 class=\"p2\">Testimonial banner<\/h5>\n<p class=\"p5\"><span class=\"s3\">AdobeStock_296525291<\/span><\/p>\n<h3>WebDesign<\/h3>\n<p><span class=\"\">Desiree Heusl, <\/span><\/p>\n<p><span class=\"\">marqably studio wien GmbH<\/span><br class=\"\" \/><span class=\"\">Mariahilfer Stra\u00dfe 74a\/12<\/span><br class=\"\" \/><span class=\"\">A-1070 Wien<\/span><\/p>\n<p>&nbsp;<\/p>\n<p>[\/vc_column_text][vc_empty_space height=&#8220;50px&#8220;][\/vc_column][vc_column width=&#8220;1\/12&#8243;][\/vc_column][\/vc_row][vc_row foundry_padding=&#8220;pt64 pb64&#8243; css=&#8220;.vc_custom_1580823048408{background-image: url(https:\/\/www.satoriprocess.com\/wp-content\/uploads\/2020\/01\/AdobeStock_296525291-scaled-e1580498541294.jpeg?id=1536) !important;}&#8220;][vc_column width=&#8220;1\/6&#8243;][\/vc_column][vc_column width=&#8220;2\/3&#8243;][vc_empty_space]\t\n\t<div class=\"text-slider slider-paging-controls text-center relative\">\n\t    <ul class=\"slides\">\n\t        <li>\n\t<h5>Satori ist f\u00fcr mich vor allem ein Heilungsprozess<\/h5>\n    <div class=\"quote-author\">\n        <h6 class=\"uppercase mb0\">Jana L.<\/h6><span><\/span>    <\/div>\n<\/li><li>\n\t<h5>Ich nehme alle 2 Jahre teil \u2013 f\u00fcr die tiefe Seelenhygiene.\r\nDer Rahmen ist so ausgelegt, dass ich einerseits gut gehalten werde, und andererseits nicht vor mir selbst fliehen kann.\r\nDieses tiefe Commitment zu mir selbst wie zu anderen, er\u00f6ffnet in mir eine ungeahnte Lebendigkeit.<\/h5>\n    <div class=\"quote-author\">\n        <h6 class=\"uppercase mb0\">Daniel K.<\/h6><span><\/span>    <\/div>\n<\/li><li>\n\t<h5>Der Satori-Prozess hat mir immer wieder geholfen, ganz zu mir zu kommen.<\/h5>\n    <div class=\"quote-author\">\n        <h6 class=\"uppercase mb0\">Nils C.<\/h6><span><\/span>    <\/div>\n<\/li><li>\n\t<h5>...Ich w\u00fcrde es wieder machen! Die Disziplin die man mitbringen muss, zahlt sich doppelt und dreifach aus. Dadurch, dass man sich selbst neu\/n\u00e4her kennen lernt, bewusster wird sowie durch den hohen inneren Energieaufbau.\r\n&nbsp;<\/h5>\n    <div class=\"quote-author\">\n        <h6 class=\"uppercase mb0\">Daniel B.<\/h6><span><\/span>    <\/div>\n<\/li><li>\n\t<h5>Wer bin ich? Die erste und wichtigste Frage beim Satori-Prozess. Eine m\u00fchsame, oft tagelange Suche \u2013 bis ich pl\u00f6tzlich erkenne, dass die Antwort schon immer da war \u2013 nur ich selbst war immer woanders. Es ist wie ein\r\nNachhause-Kommen.<\/h5>\n    <div class=\"quote-author\">\n        <h6 class=\"uppercase mb0\">Peter B.<\/h6><span><\/span>    <\/div>\n<\/li><li>\n\t<h5>Die Dyaden (intensiver Zweieraustausch ) aus dem Satori Prozess fand ich so gro\u00dfartig, intensiv und effektiv, dass ich sie seitdem in meine therapeutische Arbeit einbeziehe, besonders in die Paararbeit.<\/h5>\n    <div class=\"quote-author\">\n        <h6 class=\"uppercase mb0\">Christiane B.<\/h6><span><\/span>    <\/div>\n<\/li>\t    <\/ul>\n\t<\/div>\n\t\n[vc_empty_space][\/vc_column][vc_column width=&#8220;1\/6&#8243;][\/vc_column][\/vc_row]<\/p>\n","protected":false},"excerpt":{"rendered":"<p>[vc_row foundry_padding=&#8220;pb0&#8243;][vc_column width=&#8220;1\/12&#8243;][\/vc_column][vc_column width=&#8220;10\/12&#8243;][vc_empty_space][vc_column_text el_id=&#8220;#theprocess&#8220;] KONTAKT KONTAKT ALLGEMEIN Rafael Ebner Email: rafael@satoriprocess.com Mobil: +43 69912346817 \u2014 ORGANISATION &amp; KOORDINATION, SATORI IN&#8230;<\/p>\n","protected":false},"author":1,"featured_media":0,"parent":0,"menu_order":7,"comment_status":"closed","ping_status":"closed","template":"","meta":[],"yoast_head":"<!-- This site is optimized with the Yoast SEO plugin v20.3 - https:\/\/yoast.com\/wordpress\/plugins\/seo\/ -->\n<title>Kontakt - The Satori Process<\/title>\n<meta name=\"description\" content=\"Kontaktieren Sie die The Satori Process Organisatoren und Leiter direkt per Email-Adresse oder telefonisch. Wir informieren Sie gerne \u00fcber alle Veranstaltungen!\" \/>\n<meta name=\"robots\" content=\"index, follow, max-snippet:-1, max-image-preview:large, max-video-preview:-1\" \/>\n<link rel=\"canonical\" href=\"https:\/\/www.satoriprocess.com\/de\/kontakt\/\" \/>\n<meta property=\"og:locale\" content=\"de_DE\" \/>\n<meta property=\"og:type\" content=\"article\" \/>\n<meta property=\"og:title\" content=\"Kontakt - The Satori Process\" \/>\n<meta property=\"og:description\" content=\"Kontaktieren Sie die The Satori Process Organisatoren und Leiter direkt per Email-Adresse oder telefonisch. Wir informieren Sie gerne \u00fcber alle Veranstaltungen!\" \/>\n<meta property=\"og:url\" content=\"https:\/\/www.satoriprocess.com\/de\/kontakt\/\" \/>\n<meta property=\"og:site_name\" content=\"The Satori Process\" \/>\n<meta property=\"article:modified_time\" content=\"2025-01-17T10:58:07+00:00\" \/>\n<meta property=\"og:image\" content=\"https:\/\/www.satoriprocess.com\/wp-content\/uploads\/2020\/01\/intouch.png\" \/>\n<meta name=\"twitter:card\" content=\"summary_large_image\" \/>\n<meta name=\"twitter:label1\" content=\"Gesch\u00e4tzte Lesezeit\" \/>\n\t<meta name=\"twitter:data1\" content=\"4\u00a0Minuten\" \/>\n<script type=\"application\/ld+json\" class=\"yoast-schema-graph\">{\"@context\":\"https:\/\/schema.org\",\"@graph\":[{\"@type\":\"WebPage\",\"@id\":\"https:\/\/www.satoriprocess.com\/de\/kontakt\/\",\"url\":\"https:\/\/www.satoriprocess.com\/de\/kontakt\/\",\"name\":\"Kontakt - The Satori Process\",\"isPartOf\":{\"@id\":\"https:\/\/www.satoriprocess.com\/#website\"},\"datePublished\":\"2020-02-05T16:30:10+00:00\",\"dateModified\":\"2025-01-17T10:58:07+00:00\",\"description\":\"Kontaktieren Sie die The Satori Process Organisatoren und Leiter direkt per Email-Adresse oder telefonisch. Wir informieren Sie gerne \u00fcber alle Veranstaltungen!\",\"breadcrumb\":{\"@id\":\"https:\/\/www.satoriprocess.com\/de\/kontakt\/#breadcrumb\"},\"inLanguage\":\"de\",\"potentialAction\":[{\"@type\":\"ReadAction\",\"target\":[\"https:\/\/www.satoriprocess.com\/de\/kontakt\/\"]}]},{\"@type\":\"BreadcrumbList\",\"@id\":\"https:\/\/www.satoriprocess.com\/de\/kontakt\/#breadcrumb\",\"itemListElement\":[{\"@type\":\"ListItem\",\"position\":1,\"name\":\"Home\",\"item\":\"https:\/\/www.satoriprocess.com\/de\/\"},{\"@type\":\"ListItem\",\"position\":2,\"name\":\"KONTAKT\"}]},{\"@type\":\"WebSite\",\"@id\":\"https:\/\/www.satoriprocess.com\/#website\",\"url\":\"https:\/\/www.satoriprocess.com\/\",\"name\":\"The Satori Process\",\"description\":\"The Satori Process is a special meditation technique which allows a peak experience and provides a microcosmic look at basic life patterns and attitudes.\",\"potentialAction\":[{\"@type\":\"SearchAction\",\"target\":{\"@type\":\"EntryPoint\",\"urlTemplate\":\"https:\/\/www.satoriprocess.com\/?s={search_term_string}\"},\"query-input\":\"required name=search_term_string\"}],\"inLanguage\":\"de\"}]}<\/script>\n<!-- \/ Yoast SEO plugin. -->","yoast_head_json":{"title":"Kontakt - The Satori Process","description":"Kontaktieren Sie die The Satori Process Organisatoren und Leiter direkt per Email-Adresse oder telefonisch. Wir informieren Sie gerne \u00fcber alle Veranstaltungen!","robots":{"index":"index","follow":"follow","max-snippet":"max-snippet:-1","max-image-preview":"max-image-preview:large","max-video-preview":"max-video-preview:-1"},"canonical":"https:\/\/www.satoriprocess.com\/de\/kontakt\/","og_locale":"de_DE","og_type":"article","og_title":"Kontakt - The Satori Process","og_description":"Kontaktieren Sie die The Satori Process Organisatoren und Leiter direkt per Email-Adresse oder telefonisch. Wir informieren Sie gerne \u00fcber alle Veranstaltungen!","og_url":"https:\/\/www.satoriprocess.com\/de\/kontakt\/","og_site_name":"The Satori Process","article_modified_time":"2025-01-17T10:58:07+00:00","og_image":[{"url":"https:\/\/www.satoriprocess.com\/wp-content\/uploads\/2020\/01\/intouch.png"}],"twitter_card":"summary_large_image","twitter_misc":{"Gesch\u00e4tzte Lesezeit":"4\u00a0Minuten"},"schema":{"@context":"https:\/\/schema.org","@graph":[{"@type":"WebPage","@id":"https:\/\/www.satoriprocess.com\/de\/kontakt\/","url":"https:\/\/www.satoriprocess.com\/de\/kontakt\/","name":"Kontakt - The Satori Process","isPartOf":{"@id":"https:\/\/www.satoriprocess.com\/#website"},"datePublished":"2020-02-05T16:30:10+00:00","dateModified":"2025-01-17T10:58:07+00:00","description":"Kontaktieren Sie die The Satori Process Organisatoren und Leiter direkt per Email-Adresse oder telefonisch. Wir informieren Sie gerne \u00fcber alle Veranstaltungen!","breadcrumb":{"@id":"https:\/\/www.satoriprocess.com\/de\/kontakt\/#breadcrumb"},"inLanguage":"de","potentialAction":[{"@type":"ReadAction","target":["https:\/\/www.satoriprocess.com\/de\/kontakt\/"]}]},{"@type":"BreadcrumbList","@id":"https:\/\/www.satoriprocess.com\/de\/kontakt\/#breadcrumb","itemListElement":[{"@type":"ListItem","position":1,"name":"Home","item":"https:\/\/www.satoriprocess.com\/de\/"},{"@type":"ListItem","position":2,"name":"KONTAKT"}]},{"@type":"WebSite","@id":"https:\/\/www.satoriprocess.com\/#website","url":"https:\/\/www.satoriprocess.com\/","name":"The Satori Process","description":"The Satori Process is a special meditation technique which allows a peak experience and provides a microcosmic look at basic life patterns and attitudes.","potentialAction":[{"@type":"SearchAction","target":{"@type":"EntryPoint","urlTemplate":"https:\/\/www.satoriprocess.com\/?s={search_term_string}"},"query-input":"required name=search_term_string"}],"inLanguage":"de"}]}},"_links":{"self":[{"href":"https:\/\/www.satoriprocess.com\/de\/wp-json\/wp\/v2\/pages\/2000"}],"collection":[{"href":"https:\/\/www.satoriprocess.com\/de\/wp-json\/wp\/v2\/pages"}],"about":[{"href":"https:\/\/www.satoriprocess.com\/de\/wp-json\/wp\/v2\/types\/page"}],"author":[{"embeddable":true,"href":"https:\/\/www.satoriprocess.com\/de\/wp-json\/wp\/v2\/users\/1"}],"replies":[{"embeddable":true,"href":"https:\/\/www.satoriprocess.com\/de\/wp-json\/wp\/v2\/comments?post=2000"}],"version-history":[{"count":10,"href":"https:\/\/www.satoriprocess.com\/de\/wp-json\/wp\/v2\/pages\/2000\/revisions"}],"predecessor-version":[{"id":3145,"href":"https:\/\/www.satoriprocess.com\/de\/wp-json\/wp\/v2\/pages\/2000\/revisions\/3145"}],"wp:attachment":[{"href":"https:\/\/www.satoriprocess.com\/de\/wp-json\/wp\/v2\/media?parent=2000"}],"curies":[{"name":"wp","href":"https:\/\/api.w.org\/{rel}","templated":true}]}}